{"id":2829,"date":"2020-08-05T10:53:56","date_gmt":"2020-08-05T08:53:56","guid":{"rendered":"https:\/\/umg.ch\/engagement\/certifications\/"},"modified":"2026-04-01T14:22:48","modified_gmt":"2026-04-01T12:22:48","slug":"certifications","status":"publish","type":"page","link":"https:\/\/umg.ch\/de\/engagement\/certifications\/","title":{"rendered":"Zertifizierungen"},"content":{"rendered":"\n<div class=\"wp-block-columns is-layout-flex wp-container-core-columns-is-layout-9d6595d7 wp-block-columns-is-layout-flex\">\n<div class=\"wp-block-column is-layout-flow wp-block-column-is-layout-flow\" style=\"flex-basis:33%\">\n<div class=\"wp-block-group is-content-justification-center is-nowrap is-layout-flex wp-container-core-group-is-layout-94bc23d7 wp-block-group-is-layout-flex\"><div class=\"wp-block-image wp-block-image aligncenter size-large is-resized\">\n<figure ><img loading=\"lazy\" decoding=\"async\" width=\"402\" height=\"342\" src=\"https:\/\/umg.ch\/wp-content\/uploads\/2020\/08\/geneve-region-terre-avenir.png\" alt=\"\" class=\"wp-image-1705\" style=\"width:106px;height:auto\"\/><\/figure>\n<\/div><\/div>\n<\/div>\n\n\n\n<div class=\"wp-block-column is-layout-flow wp-block-column-is-layout-flow\" style=\"flex-basis:66%\">\n<p>Die Union Mara\u00eech\u00e8re de Gen\u00e8ve hat eine eigene Marke: <strong>C\u00f4t\u00e9 Jardin<\/strong>. Sie wurde im Jahr 2000 geschaffen und dient als Erkennungsmarke der UMG. C\u00f4t\u00e9 Jardin st\u00fctzt sich auf die Werte Qualit\u00e4t, Regionalit\u00e4t und Saisonalit\u00e4t. <br\/>Die Marke steht als Garantie daf\u00fcr, dass das Gem\u00fcse aus regionaler Produktion stammt und die internen Vorgaben und Produktionsbedingungen streng befolgt werden.<\/p>\n<\/div>\n<\/div>\n\n<div style=\"height:50px\" aria-hidden=\"true\" class=\"wp-block-spacer\"><\/div>\n\n<div class=\"wp-block-columns is-layout-flex wp-container-core-columns-is-layout-9d6595d7 wp-block-columns-is-layout-flex\">\n<div class=\"wp-block-column is-layout-flow wp-block-column-is-layout-flow\" style=\"flex-basis:33%\"><div class=\"wp-block-image\">\n<figure class=\"aligncenter size-large is-resized\"><img loading=\"lazy\" decoding=\"async\" width=\"1060\" height=\"662\" src=\"https:\/\/umg.ch\/wp-content\/uploads\/2020\/09\/suisse-garantie-1.jpg\" alt=\"\" class=\"wp-image-2518\" style=\"aspect-ratio:1.5981308411214954;width:195px;height:auto\" srcset=\"https:\/\/umg.ch\/wp-content\/uploads\/2020\/09\/suisse-garantie-1.jpg 1060w, https:\/\/umg.ch\/wp-content\/uploads\/2020\/09\/suisse-garantie-1-600x375.jpg 600w, https:\/\/umg.ch\/wp-content\/uploads\/2020\/09\/suisse-garantie-1-768x480.jpg 768w\" sizes=\"auto, (max-width: 1060px) 100vw, 1060px\" \/><\/figure>\n<\/div><\/div>\n\n\n\n<div class=\"wp-block-column is-layout-flow wp-block-column-is-layout-flow\" style=\"flex-basis:66%\">\n<p>Alles Gem\u00fcse von C\u00f4t\u00e9 Jardin tr\u00e4gt ausserdem die Label <strong>Gen\u00e8ve R\u00e9gion \u2013 Terre Avenir (GRTA) und Suisse Garantie.<\/strong> Das Label GRTA ist f\u00fcr Agrarprodukte aus der Region Genf gedacht \u2013 es ber\u00fccksichtigt<br\/>alle landwirtschaftlichen Produkte und jeden einzelnen Verarbeitungsschritt, vom Feld bis auf den Teller.<br\/>Die Garantiemarke gew\u00e4hrleistet die Einhaltung der folgenden vier Schwerpunkte: Qualit\u00e4t, Regionalit\u00e4t, R\u00fcckverfolgbarkeit und Fairness. Genfer Agrarprodukte sind qualitativ hochwertig, weil sie frisch, vielf\u00e4ltig<br\/>und reich im Geschmack sind. Zudem werden sie umweltgerecht angebaut und wir verzichten auf genetisch ver\u00e4nderte Pflanzen und Tiere.<\/p>\n<\/div>\n<\/div>\n\n<div style=\"height:50px\" aria-hidden=\"true\" class=\"wp-block-spacer\"><\/div>\n\n<div class=\"wp-block-columns is-layout-flex wp-container-core-columns-is-layout-9d6595d7 wp-block-columns-is-layout-flex\">\n<div class=\"wp-block-column is-layout-flow wp-block-column-is-layout-flow\" style=\"flex-basis:33%\"><div class=\"wp-block-image\">\n<figure class=\"aligncenter size-medium is-resized\"><a href=\"https:\/\/www.naturundwirtschaft.ch\/fr\/\" target=\"_blank\" rel=\"noopener noreferrer\"><img loading=\"lazy\" decoding=\"async\" width=\"585\" height=\"131\" src=\"https:\/\/umg.ch\/wp-content\/uploads\/2020\/08\/fondation-nature-economie-585x131.png\" alt=\"\" class=\"wp-image-1702\" style=\"aspect-ratio:4.4393939393939394;width:163px;height:auto\" srcset=\"https:\/\/umg.ch\/wp-content\/uploads\/2020\/08\/fondation-nature-economie-585x131.png 585w, https:\/\/umg.ch\/wp-content\/uploads\/2020\/08\/fondation-nature-economie-768x172.png 768w, https:\/\/umg.ch\/wp-content\/uploads\/2020\/08\/fondation-nature-economie.png 814w\" sizes=\"auto, (max-width: 585px) 100vw, 585px\" \/><\/a><\/figure>\n<\/div><\/div>\n\n\n\n<div class=\"wp-block-column is-layout-flow wp-block-column-is-layout-flow\" style=\"flex-basis:66%\">\n<div class=\"wp-block-group is-nowrap is-layout-flex wp-container-core-group-is-layout-ad2f72ca wp-block-group-is-layout-flex\">\n<p>Vor Kurzem wurde die Union Mara\u00eech\u00e8re de Gen\u00e8ve \u00fcberdies von der <strong>Stiftung Natur &amp; Wirtschaft<\/strong> zertifiziert.<br\/>Diese Zertifizierung richtet sich an Unternehmen, die zum Schutz der Biodiversit\u00e4t beitragen, insbesondere durch eine naturnahe Gestaltung ihres Firmenareals. Dazu m\u00fcssen sie zum Beispiel die Fl\u00e4chen mit einheimischen und standortgerechten Arten bepflanzen, auf den Einsatz von Bioziden, D\u00fcngemitteln und Herbiziden verzichten, und sie d\u00fcrfen ihre naturnahen Blumenwiesen h\u00f6chstens zweimal j\u00e4hrlich m\u00e4hen.<\/p>\n<\/div>\n<\/div>\n<\/div>\n\n<div style=\"height:50px\" aria-hidden=\"true\" class=\"wp-block-spacer\"><\/div>\n\n<div class=\"wp-block-columns is-layout-flex wp-container-core-columns-is-layout-9d6595d7 wp-block-columns-is-layout-flex\">\n<div class=\"wp-block-column is-layout-flow wp-block-column-is-layout-flow\" style=\"flex-basis:33%\"><div class=\"wp-block-image\">\n<figure class=\"aligncenter size-medium is-resized\"><img decoding=\"async\" src=\"https:\/\/umg.ch\/wp-content\/uploads\/2025\/01\/Certified_B_Corporation_B_Corp_Logo_2022_Black_RGB.svg\" alt=\"\" class=\"wp-image-5284\" style=\"aspect-ratio:1;object-fit:contain;width:123px;height:auto\"\/><\/figure>\n<\/div><\/div>\n\n\n\n<div class=\"wp-block-column is-layout-flow wp-block-column-is-layout-flow\" style=\"flex-basis:66%\">\n<p>Die Bewegung<strong> B CorpTM <\/strong>ist eine Gemeinschaft von Betrieben, die den Handel neu definiert und dabei sowohl einen Gewinn als auch positive Auswirkungen auf Gesellschaft und Umwelt anstrebt.<\/p>\n\n\n\n<div class=\"wp-block-buttons is-layout-flex wp-block-buttons-is-layout-flex\">\n<div class=\"wp-block-button\"><a class=\"wp-block-button__link has-blanc-color has-text-color has-background has-link-color wp-element-button\" href=\"https:\/\/umg.ch\/de\/?page_id=5532\" style=\"background-color:#ab605b45\">Mehr<\/a><\/div>\n<\/div>\n<\/div>\n<\/div>\n","protected":false},"excerpt":{"rendered":"<p>Die Union Mara\u00eech\u00e8re de Gen\u00e8ve hat eine eigene Marke: C\u00f4t\u00e9 Jardin. Sie wurde im Jahr 2000 geschaffen und dient als Erkennungsmarke der UMG. C\u00f4t\u00e9 Jardin st\u00fctzt sich auf die Werte [&hellip;]<\/p>\n","protected":false},"author":1,"featured_media":0,"parent":2827,"menu_order":0,"comment_status":"closed","ping_status":"closed","template":"","meta":{"_acf_changed":false,"inline_featured_image":false,"footnotes":""},"class_list":["post-2829","page","type-page","status-publish","hentry"],"acf":[],"yoast_head":"<!-- This site is optimized with the Yoast SEO plugin v27.4 - https:\/\/yoast.com\/product\/yoast-seo-wordpress\/ -->\n<title>Zertifizierungen - Union Mara\u00eech\u00e8re de Gen\u00e8ve<\/title>\n<meta name=\"robots\" content=\"index, follow, max-snippet:-1, max-image-preview:large, max-video-preview:-1\" \/>\n<link rel=\"canonical\" href=\"https:\/\/umg.ch\/de\/engagement\/certifications\/\" \/>\n<meta property=\"og:locale\" content=\"de_DE\" \/>\n<meta property=\"og:type\" content=\"article\" \/>\n<meta property=\"og:title\" content=\"Zertifizierungen - Union Mara\u00eech\u00e8re de Gen\u00e8ve\" \/>\n<meta property=\"og:description\" content=\"Die Union Mara\u00eech\u00e8re de Gen\u00e8ve hat eine eigene Marke: C\u00f4t\u00e9 Jardin. Sie wurde im Jahr 2000 geschaffen und dient als Erkennungsmarke der UMG. C\u00f4t\u00e9 Jardin st\u00fctzt sich auf die Werte [&hellip;]\" \/>\n<meta property=\"og:url\" content=\"https:\/\/umg.ch\/de\/engagement\/certifications\/\" \/>\n<meta property=\"og:site_name\" content=\"Union Mara\u00eech\u00e8re de Gen\u00e8ve\" \/>\n<meta property=\"article:modified_time\" content=\"2026-04-01T12:22:48+00:00\" \/>\n<meta property=\"og:image\" content=\"https:\/\/umg.ch\/wp-content\/uploads\/2020\/08\/geneve-region-terre-avenir.png\" \/>\n\t<meta property=\"og:image:width\" content=\"402\" \/>\n\t<meta property=\"og:image:height\" content=\"342\" \/>\n\t<meta property=\"og:image:type\" content=\"image\/png\" \/>\n<meta name=\"twitter:card\" content=\"summary_large_image\" \/>\n<meta name=\"twitter:label1\" content=\"Gesch\u00e4tzte Lesezeit\" \/>\n\t<meta name=\"twitter:data1\" content=\"1\u00a0Minute\" \/>\n<script type=\"application\/ld+json\" class=\"yoast-schema-graph\">{\"@context\":\"https:\\\/\\\/schema.org\",\"@graph\":[{\"@type\":\"WebPage\",\"@id\":\"https:\\\/\\\/umg.ch\\\/de\\\/engagement\\\/certifications\\\/\",\"url\":\"https:\\\/\\\/umg.ch\\\/de\\\/engagement\\\/certifications\\\/\",\"name\":\"Zertifizierungen - Union Mara\u00eech\u00e8re de Gen\u00e8ve\",\"isPartOf\":{\"@id\":\"https:\\\/\\\/umg.ch\\\/de\\\/#website\"},\"primaryImageOfPage\":{\"@id\":\"https:\\\/\\\/umg.ch\\\/de\\\/engagement\\\/certifications\\\/#primaryimage\"},\"image\":{\"@id\":\"https:\\\/\\\/umg.ch\\\/de\\\/engagement\\\/certifications\\\/#primaryimage\"},\"thumbnailUrl\":\"https:\\\/\\\/umg.ch\\\/wp-content\\\/uploads\\\/2020\\\/08\\\/geneve-region-terre-avenir.png\",\"datePublished\":\"2020-08-05T08:53:56+00:00\",\"dateModified\":\"2026-04-01T12:22:48+00:00\",\"breadcrumb\":{\"@id\":\"https:\\\/\\\/umg.ch\\\/de\\\/engagement\\\/certifications\\\/#breadcrumb\"},\"inLanguage\":\"de\",\"potentialAction\":[{\"@type\":\"ReadAction\",\"target\":[\"https:\\\/\\\/umg.ch\\\/de\\\/engagement\\\/certifications\\\/\"]}]},{\"@type\":\"ImageObject\",\"inLanguage\":\"de\",\"@id\":\"https:\\\/\\\/umg.ch\\\/de\\\/engagement\\\/certifications\\\/#primaryimage\",\"url\":\"https:\\\/\\\/umg.ch\\\/wp-content\\\/uploads\\\/2020\\\/08\\\/geneve-region-terre-avenir.png\",\"contentUrl\":\"https:\\\/\\\/umg.ch\\\/wp-content\\\/uploads\\\/2020\\\/08\\\/geneve-region-terre-avenir.png\"},{\"@type\":\"BreadcrumbList\",\"@id\":\"https:\\\/\\\/umg.ch\\\/de\\\/engagement\\\/certifications\\\/#breadcrumb\",\"itemListElement\":[{\"@type\":\"ListItem\",\"position\":1,\"name\":\"Startseite\",\"item\":\"https:\\\/\\\/umg.ch\\\/de\\\/\"},{\"@type\":\"ListItem\",\"position\":2,\"name\":\"Zertifizierungen\",\"item\":\"https:\\\/\\\/umg.ch\\\/de\\\/engagement\\\/\"},{\"@type\":\"ListItem\",\"position\":3,\"name\":\"Zertifizierungen\"}]},{\"@type\":\"WebSite\",\"@id\":\"https:\\\/\\\/umg.ch\\\/de\\\/#website\",\"url\":\"https:\\\/\\\/umg.ch\\\/de\\\/\",\"name\":\"Union Mara\u00eech\u00e8re de Gen\u00e8ve\",\"description\":\"Un terroir et des hommes\",\"potentialAction\":[{\"@type\":\"SearchAction\",\"target\":{\"@type\":\"EntryPoint\",\"urlTemplate\":\"https:\\\/\\\/umg.ch\\\/de\\\/?s={search_term_string}\"},\"query-input\":{\"@type\":\"PropertyValueSpecification\",\"valueRequired\":true,\"valueName\":\"search_term_string\"}}],\"inLanguage\":\"de\"}]}<\/script>\n<!-- \/ Yoast SEO plugin. -->","yoast_head_json":{"title":"Zertifizierungen - Union Mara\u00eech\u00e8re de Gen\u00e8ve","robots":{"index":"index","follow":"follow","max-snippet":"max-snippet:-1","max-image-preview":"max-image-preview:large","max-video-preview":"max-video-preview:-1"},"canonical":"https:\/\/umg.ch\/de\/engagement\/certifications\/","og_locale":"de_DE","og_type":"article","og_title":"Zertifizierungen - Union Mara\u00eech\u00e8re de Gen\u00e8ve","og_description":"Die Union Mara\u00eech\u00e8re de Gen\u00e8ve hat eine eigene Marke: C\u00f4t\u00e9 Jardin. Sie wurde im Jahr 2000 geschaffen und dient als Erkennungsmarke der UMG. C\u00f4t\u00e9 Jardin st\u00fctzt sich auf die Werte [&hellip;]","og_url":"https:\/\/umg.ch\/de\/engagement\/certifications\/","og_site_name":"Union Mara\u00eech\u00e8re de Gen\u00e8ve","article_modified_time":"2026-04-01T12:22:48+00:00","og_image":[{"width":402,"height":342,"url":"https:\/\/umg.ch\/wp-content\/uploads\/2020\/08\/geneve-region-terre-avenir.png","type":"image\/png"}],"twitter_card":"summary_large_image","twitter_misc":{"Gesch\u00e4tzte Lesezeit":"1\u00a0Minute"},"schema":{"@context":"https:\/\/schema.org","@graph":[{"@type":"WebPage","@id":"https:\/\/umg.ch\/de\/engagement\/certifications\/","url":"https:\/\/umg.ch\/de\/engagement\/certifications\/","name":"Zertifizierungen - Union Mara\u00eech\u00e8re de Gen\u00e8ve","isPartOf":{"@id":"https:\/\/umg.ch\/de\/#website"},"primaryImageOfPage":{"@id":"https:\/\/umg.ch\/de\/engagement\/certifications\/#primaryimage"},"image":{"@id":"https:\/\/umg.ch\/de\/engagement\/certifications\/#primaryimage"},"thumbnailUrl":"https:\/\/umg.ch\/wp-content\/uploads\/2020\/08\/geneve-region-terre-avenir.png","datePublished":"2020-08-05T08:53:56+00:00","dateModified":"2026-04-01T12:22:48+00:00","breadcrumb":{"@id":"https:\/\/umg.ch\/de\/engagement\/certifications\/#breadcrumb"},"inLanguage":"de","potentialAction":[{"@type":"ReadAction","target":["https:\/\/umg.ch\/de\/engagement\/certifications\/"]}]},{"@type":"ImageObject","inLanguage":"de","@id":"https:\/\/umg.ch\/de\/engagement\/certifications\/#primaryimage","url":"https:\/\/umg.ch\/wp-content\/uploads\/2020\/08\/geneve-region-terre-avenir.png","contentUrl":"https:\/\/umg.ch\/wp-content\/uploads\/2020\/08\/geneve-region-terre-avenir.png"},{"@type":"BreadcrumbList","@id":"https:\/\/umg.ch\/de\/engagement\/certifications\/#breadcrumb","itemListElement":[{"@type":"ListItem","position":1,"name":"Startseite","item":"https:\/\/umg.ch\/de\/"},{"@type":"ListItem","position":2,"name":"Zertifizierungen","item":"https:\/\/umg.ch\/de\/engagement\/"},{"@type":"ListItem","position":3,"name":"Zertifizierungen"}]},{"@type":"WebSite","@id":"https:\/\/umg.ch\/de\/#website","url":"https:\/\/umg.ch\/de\/","name":"Union Mara\u00eech\u00e8re de Gen\u00e8ve","description":"Un terroir et des hommes","potentialAction":[{"@type":"SearchAction","target":{"@type":"EntryPoint","urlTemplate":"https:\/\/umg.ch\/de\/?s={search_term_string}"},"query-input":{"@type":"PropertyValueSpecification","valueRequired":true,"valueName":"search_term_string"}}],"inLanguage":"de"}]}},"_links":{"self":[{"href":"https:\/\/umg.ch\/de\/wp-json\/wp\/v2\/pages\/2829","targetHints":{"allow":["GET"]}}],"collection":[{"href":"https:\/\/umg.ch\/de\/wp-json\/wp\/v2\/pages"}],"about":[{"href":"https:\/\/umg.ch\/de\/wp-json\/wp\/v2\/types\/page"}],"author":[{"embeddable":true,"href":"https:\/\/umg.ch\/de\/wp-json\/wp\/v2\/users\/1"}],"replies":[{"embeddable":true,"href":"https:\/\/umg.ch\/de\/wp-json\/wp\/v2\/comments?post=2829"}],"version-history":[{"count":8,"href":"https:\/\/umg.ch\/de\/wp-json\/wp\/v2\/pages\/2829\/revisions"}],"predecessor-version":[{"id":6154,"href":"https:\/\/umg.ch\/de\/wp-json\/wp\/v2\/pages\/2829\/revisions\/6154"}],"up":[{"embeddable":true,"href":"https:\/\/umg.ch\/de\/wp-json\/wp\/v2\/pages\/2827"}],"wp:attachment":[{"href":"https:\/\/umg.ch\/de\/wp-json\/wp\/v2\/media?parent=2829"}],"curies":[{"name":"wp","href":"https:\/\/api.w.org\/{rel}","templated":true}]}}