{"id":2825,"date":"2020-12-10T10:05:48","date_gmt":"2020-12-10T09:05:48","guid":{"rendered":"https:\/\/umg.ch\/?page_id=2825"},"modified":"2026-03-30T16:47:35","modified_gmt":"2026-03-30T14:47:35","slug":"geschichte","status":"publish","type":"page","link":"https:\/\/umg.ch\/de\/la-cooperative\/geschichte\/","title":{"rendered":"Geschichte"},"content":{"rendered":"\n        <div id=\"timeline-block_87a9e4354aa893af3b460351a06f385e\" class=\"strat strat_timeline\">\n\n                <div class=\"container\" >\n                        <div class=\"row align-items-center\">\n\n                                <div class=\"col-12\">\n\n                                   <div class=\"timeline-box\">\n                                        \n                                            <div class=\"timeline-block timeline-block-right\">\n\n\n                                                    \n\n                                                      <div class=\"marker  \"><\/div>\n\n\n                                                     \n                                                    <div class=\"timeline-content\">\n                                                        <div class=\"element-date\">1948<\/div>\n                                                         <div class=\"element-title\">Idee zur Gr\u00fcndung einer Genossenschaft Verkaufseinrichtung, um die Genfer Gem\u00fcsewirtschaft zu stabilisieren und zu organisieren<\/div>\n                                                    <\/div>\n\n\t\t\t\t                                    \n                                            <\/div>\n\n                                        \n                                            <div class=\"timeline-block timeline-block-right\">\n\n\n                                                    \n\n                                                      <div class=\"marker bigmarker\"><\/div>\n\n\n                                                     \n\n\n\n\t                                                     <div class=\"timeline-content\">\n                                                        <div class=\"element-date\">1949<\/div>\n                                                         <div class=\"element-title\">\n\t                                                         Bau der ersten technologischen Gew\u00e4chsh\u00e4user aus Glas\t\t\t\t\t\t\t\t\t\t\t\t\t\t\t <div class=\"more-link\">\n\t\t\t\t\t\t\t\t\t\t\t\t\t\t\t\t<a href=\"#\">\n\t\t\t\t\t\t\t\t\t\t\t\t\t\t\t\t\tMehr erfahren\t\t\t\t\t\t\t\t\t\t\t\t\t    \t\t<\/a>\n\t\t\t\t\t\t\t\t\t\t\t\t\t\t\t<\/div><!-- more-link -->\n                                                         <\/div>\n                                                         <div class=\"element-content\"><p>Die Mehrheit der Gem\u00fcseproduzentinnen und -produzenten des Kantons tritt der Genossenschaft bei. Diese verfolgt das Hauptziel, die Gem\u00fcseproduktion des Kantons zu vermarkten.<br \/>\nDas Ziel wird mit \u00e4usserst geringen Mitteln erreicht und sogar \u00fcbertroffen \u2013 dank mutiger und ausdauernder Pioniere, deren alleiniges Bestreben die Zukunftssicherung der Genfer Gem\u00fcseproduktion ist.<br \/>\nZun\u00e4chst entsteht der Markt von Plainpalais, einige Zeit sp\u00e4ter der Markt an der Jonction.<\/p>\n<p>&nbsp;<\/p>\n<p><img loading=\"lazy\" decoding=\"async\" class=\"aligncenter size-medium wp-image-2324\" src=\"https:\/\/umg.ch\/wp-content\/uploads\/2020\/08\/photo-1949-600x754.jpg\" alt=\"\" width=\"600\" height=\"754\" srcset=\"https:\/\/umg.ch\/wp-content\/uploads\/2020\/08\/photo-1949-600x754.jpg 600w, https:\/\/umg.ch\/wp-content\/uploads\/2020\/08\/photo-1949-931x1170.jpg 931w, https:\/\/umg.ch\/wp-content\/uploads\/2020\/08\/photo-1949-768x966.jpg 768w, https:\/\/umg.ch\/wp-content\/uploads\/2020\/08\/photo-1949.jpg 960w\" sizes=\"auto, (max-width: 600px) 100vw, 600px\" \/><\/p>\n<p><a href=\"https:\/\/umg.ch\/wp-content\/uploads\/2020\/08\/les-pionniers.jpg\"><img loading=\"lazy\" decoding=\"async\" class=\"aligncenter wp-image-2139 size-thumbnail\" src=\"https:\/\/umg.ch\/wp-content\/uploads\/2020\/08\/les-pionniers-600x400.jpg\" alt=\"\" width=\"600\" height=\"400\" srcset=\"https:\/\/umg.ch\/wp-content\/uploads\/2020\/08\/les-pionniers.jpg 600w, https:\/\/umg.ch\/wp-content\/uploads\/2020\/08\/les-pionniers-120x80.jpg 120w\" sizes=\"auto, (max-width: 600px) 100vw, 600px\" \/><\/a><\/p>\n<p><a href=\"https:\/\/umg.ch\/wp-content\/uploads\/2020\/08\/marches-plainpalais-et-jonction-2.jpg\"><img loading=\"lazy\" decoding=\"async\" class=\"aligncenter wp-image-2142 size-thumbnail\" src=\"https:\/\/umg.ch\/wp-content\/uploads\/2020\/08\/marches-plainpalais-et-jonction-2-600x400.jpg\" alt=\"\" width=\"600\" height=\"400\" srcset=\"https:\/\/umg.ch\/wp-content\/uploads\/2020\/08\/marches-plainpalais-et-jonction-2.jpg 600w, https:\/\/umg.ch\/wp-content\/uploads\/2020\/08\/marches-plainpalais-et-jonction-2-120x80.jpg 120w\" sizes=\"auto, (max-width: 600px) 100vw, 600px\" \/><\/a><\/p>\n<p><a href=\"https:\/\/umg.ch\/wp-content\/uploads\/2020\/08\/marches-plainpalais-et-jonction2-1.jpg\"><img loading=\"lazy\" decoding=\"async\" class=\"aligncenter wp-image-2136 size-thumbnail\" src=\"https:\/\/umg.ch\/wp-content\/uploads\/2020\/08\/marches-plainpalais-et-jonction2-1-600x400.jpg\" alt=\"\" width=\"600\" height=\"400\" srcset=\"https:\/\/umg.ch\/wp-content\/uploads\/2020\/08\/marches-plainpalais-et-jonction2-1.jpg 600w, https:\/\/umg.ch\/wp-content\/uploads\/2020\/08\/marches-plainpalais-et-jonction2-1-120x80.jpg 120w\" sizes=\"auto, (max-width: 600px) 100vw, 600px\" \/><\/a><\/p>\n<p>&nbsp;<\/p>\n<\/div>\n                                                    <\/div>\n\n                                                     \n                                            <\/div>\n\n                                        \n                                            <div class=\"timeline-block timeline-block-right\">\n\n\n                                                    \n\n                                                      <div class=\"marker  \"><\/div>\n\n\n                                                     \n                                                    <div class=\"timeline-content\">\n                                                        <div class=\"element-date\">1950<\/div>\n                                                         <div class=\"element-title\">Erste Studien im Hinblick auf die Schaffung eines Grossmarktes infolge der neuen Bed\u00fcrfnisse durch das Bev\u00f6lkerungswachstum in der Stadt Genf<\/div>\n                                                    <\/div>\n\n\t\t\t\t                                    \n                                            <\/div>\n\n                                        \n                                            <div class=\"timeline-block timeline-block-right\">\n\n\n                                                    \n\n                                                      <div class=\"marker  \"><\/div>\n\n\n                                                     \n\n\n\n\t                                                     <div class=\"timeline-content\">\n                                                        <div class=\"element-date\">1960<\/div>\n                                                         <div class=\"element-title\">\n\t                                                         Die Union Mara\u00eech\u00e8re de Gen\u00e8ve bezieht R\u00e4umlichkeiten im Grossmarkt.\t\t\t\t\t\t\t\t\t\t\t\t\t\t\t <div class=\"more-link\">\n\t\t\t\t\t\t\t\t\t\t\t\t\t\t\t\t<a href=\"#\">\n\t\t\t\t\t\t\t\t\t\t\t\t\t\t\t\t\tMehr erfahren\t\t\t\t\t\t\t\t\t\t\t\t\t    \t\t<\/a>\n\t\t\t\t\t\t\t\t\t\t\t\t\t\t\t<\/div><!-- more-link -->\n                                                         <\/div>\n                                                         <div class=\"element-content\"><p class=\"p1\">In den 1960er-Jahren werden die ersten geheizten Gew\u00e4chsh\u00e4user mit CO2-Zufuhr gebaut. Dank des gedeckten Anbaus verf\u00fcgt die Genossenschaft \u00fcber viel gr\u00f6ssere Gem\u00fcsemengen, insbesondere von Gurken. Sp\u00e4ter kommen noch Tomaten, Auberginen und Peperoni dazu.  <\/p>\n<p><img loading=\"lazy\" decoding=\"async\" class=\"aligncenter size-large wp-image-5856\" src=\"https:\/\/umg.ch\/wp-content\/uploads\/2025\/09\/historiqe-verre-1170x849.webp\" alt=\"\" width=\"1170\" height=\"849\" srcset=\"https:\/\/umg.ch\/wp-content\/uploads\/2025\/09\/historiqe-verre-1170x849.webp 1170w, https:\/\/umg.ch\/wp-content\/uploads\/2025\/09\/historiqe-verre-600x435.webp 600w, https:\/\/umg.ch\/wp-content\/uploads\/2025\/09\/historiqe-verre-768x557.webp 768w, https:\/\/umg.ch\/wp-content\/uploads\/2025\/09\/historiqe-verre-1536x1114.webp 1536w, https:\/\/umg.ch\/wp-content\/uploads\/2025\/09\/historiqe-verre.webp 1712w\" sizes=\"auto, (max-width: 1170px) 100vw, 1170px\" \/><\/p>\n<\/div>\n                                                    <\/div>\n\n                                                     \n                                            <\/div>\n\n                                        \n                                            <div class=\"timeline-block timeline-block-right\">\n\n\n                                                    \n\n                                                      <div class=\"marker  \"><\/div>\n\n\n                                                     \n\n\n\n\t                                                     <div class=\"timeline-content\">\n                                                        <div class=\"element-date\">1965<\/div>\n                                                         <div class=\"element-title\">\n\t                                                         Die Union Mara\u00eech\u00e8re de Gen\u00e8ve bezieht R\u00e4umlichkeiten im Grossmarkt.\t\t\t\t\t\t\t\t\t\t\t\t\t\t\t <div class=\"more-link\">\n\t\t\t\t\t\t\t\t\t\t\t\t\t\t\t\t<a href=\"#\">\n\t\t\t\t\t\t\t\t\t\t\t\t\t\t\t\t\tMehr erfahren\t\t\t\t\t\t\t\t\t\t\t\t\t    \t\t<\/a>\n\t\t\t\t\t\t\t\t\t\t\t\t\t\t\t<\/div><!-- more-link -->\n                                                         <\/div>\n                                                         <div class=\"element-content\"><p>Die Union Mara\u00eech\u00e8re de Gen\u00e8ve beteiligt sich an der Firma SIGMA SA, mit dem Ziel, in Carouge einen Grossmarkt f\u00fcr Lebensmittel zu errichten.<\/p>\n<p>Auf einem Grundst\u00fcck von 6 Hektar wird der umfangreiche Marktkomplex gebaut. In einem ersten Schritt entstehen drei Geb\u00e4ude f\u00fcr die Abteilungen Gem\u00fcse und Fr\u00fcchte, wovon eines unserer Genossenschaft zugeteilt wird. <\/p>\n<\/div>\n                                                    <\/div>\n\n                                                     \n                                            <\/div>\n\n                                        \n                                            <div class=\"timeline-block timeline-block-right\">\n\n\n                                                    \n\n                                                      <div class=\"marker bigmarker\"><\/div>\n\n\n                                                     \n\n\n\n\t                                                     <div class=\"timeline-content\">\n                                                        <div class=\"element-date\">1968<\/div>\n                                                         <div class=\"element-title\">\n\t                                                         Die UMG hat ihren festen Sitz auf dem Gel\u00e4nde des Grossmarktes f\u00fcr Lebensmittel in La Praille.\t\t\t\t\t\t\t\t\t\t\t\t\t\t\t <div class=\"more-link\">\n\t\t\t\t\t\t\t\t\t\t\t\t\t\t\t\t<a href=\"#\">\n\t\t\t\t\t\t\t\t\t\t\t\t\t\t\t\t\tMehr erfahren\t\t\t\t\t\t\t\t\t\t\t\t\t    \t\t<\/a>\n\t\t\t\t\t\t\t\t\t\t\t\t\t\t\t<\/div><!-- more-link -->\n                                                         <\/div>\n                                                         <div class=\"element-content\"><p>Das Grundst\u00fcck wird vollst\u00e4ndig ausgehoben und die Bauten auf einer Fl\u00e4che von 1000 m2 als Baurecht errichtet. Die Gesamtkosten des Projekts belaufen sich auf eine Million Franken.<br \/>Das neue Geb\u00e4ude erm\u00f6glicht die Lagerung und den Umschlag der Ware auf Last- und Eisenbahnwagen. Auf beiden Seiten befinden sich Laderampen.<br \/>Sp\u00e4ter kann im Erdgeschoss auch die Spedition, die Sortierung und die Verpackung der Ware erfolgen. Im selben Geb\u00e4ude befinden sich zudem zwei K\u00fchlr\u00e4ume und eine Verwaltungseinheit mit sechs B\u00fcros.   <\/p>\n<p>Die Gestaltung und Ausstattung des Geb\u00e4udes ist funktional, modern und ergonomisch.<\/p>\n<p>Der Markt von La Praille stellt einen wichtigen Meilenstein in der Vertriebsentwicklung der Genfer Gem\u00fcseproduktion dar. Er leistet wertvolle Dienste f\u00fcr die gesamte Genfer Wirtschaft und erleichtert die Gesch\u00e4ftsbeziehungen zwischen H\u00e4ndlern und Produzenten enorm. <\/p>\n<p><a href=\"https:\/\/umg.ch\/wp-content\/uploads\/2020\/08\/marche-de-gros.jpg\"><img loading=\"lazy\" decoding=\"async\" class=\"aligncenter wp-image-2127 size-thumbnail\" src=\"https:\/\/umg.ch\/wp-content\/uploads\/2020\/08\/marche-de-gros-600x400.jpg\" alt=\"\" width=\"600\" height=\"400\" srcset=\"https:\/\/umg.ch\/wp-content\/uploads\/2020\/08\/marche-de-gros.jpg 600w, https:\/\/umg.ch\/wp-content\/uploads\/2020\/08\/marche-de-gros-120x80.jpg 120w\" sizes=\"auto, (max-width: 600px) 100vw, 600px\" \/><\/a><br \/>\n<a href=\"https:\/\/umg.ch\/wp-content\/uploads\/2020\/08\/batiment-umg-1.jpg\"><img loading=\"lazy\" decoding=\"async\" class=\"aligncenter wp-image-2133 size-thumbnail\" src=\"https:\/\/umg.ch\/wp-content\/uploads\/2020\/08\/batiment-umg-1-600x400.jpg\" alt=\"\" width=\"600\" height=\"400\" srcset=\"https:\/\/umg.ch\/wp-content\/uploads\/2020\/08\/batiment-umg-1.jpg 600w, https:\/\/umg.ch\/wp-content\/uploads\/2020\/08\/batiment-umg-1-120x80.jpg 120w\" sizes=\"auto, (max-width: 600px) 100vw, 600px\" \/><\/a><\/p>\n<p>&nbsp;<\/p>\n<\/div>\n                                                    <\/div>\n\n                                                     \n                                            <\/div>\n\n                                        \n                                            <div class=\"timeline-block timeline-block-right\">\n\n\n                                                    \n\n                                                      <div class=\"marker  \"><\/div>\n\n\n                                                     \n\n\n\n\t                                                     <div class=\"timeline-content\">\n                                                        <div class=\"element-date\">1970<\/div>\n                                                         <div class=\"element-title\">\n\t                                                         Die Revolution der Tunnels\t\t\t\t\t\t\t\t\t\t\t\t\t\t\t <div class=\"more-link\">\n\t\t\t\t\t\t\t\t\t\t\t\t\t\t\t\t<a href=\"#\">\n\t\t\t\t\t\t\t\t\t\t\t\t\t\t\t\t\tMehr erfahren\t\t\t\t\t\t\t\t\t\t\t\t\t    \t\t<\/a>\n\t\t\t\t\t\t\t\t\t\t\t\t\t\t\t<\/div><!-- more-link -->\n                                                         <\/div>\n                                                         <div class=\"element-content\"><p class=\"p1\"><strong>Bau der ersten Folientunnels<\/strong><\/p>\n<p class=\"p2\">In den 1960er-Jahren werden die ersten Folientunnels gebaut. Sie sch\u00fctzen die Kulturen, aber kosten weniger als die technologischen Gew\u00e4chsh\u00e4user. <\/p>\n<p><img loading=\"lazy\" decoding=\"async\" class=\"aligncenter size-large wp-image-5851\" src=\"https:\/\/umg.ch\/wp-content\/uploads\/2025\/09\/historique-tunnel-01-1170x761.webp\" alt=\"\" width=\"1170\" height=\"761\" srcset=\"https:\/\/umg.ch\/wp-content\/uploads\/2025\/09\/historique-tunnel-01-1170x761.webp 1170w, https:\/\/umg.ch\/wp-content\/uploads\/2025\/09\/historique-tunnel-01-600x390.webp 600w, https:\/\/umg.ch\/wp-content\/uploads\/2025\/09\/historique-tunnel-01-768x500.webp 768w, https:\/\/umg.ch\/wp-content\/uploads\/2025\/09\/historique-tunnel-01.webp 1500w\" sizes=\"auto, (max-width: 1170px) 100vw, 1170px\" \/><\/p>\n<p><img loading=\"lazy\" decoding=\"async\" class=\"aligncenter size-large wp-image-5849\" src=\"https:\/\/umg.ch\/wp-content\/uploads\/2025\/09\/historique-tunnel-02-1170x862.webp\" alt=\"\" width=\"1170\" height=\"862\" srcset=\"https:\/\/umg.ch\/wp-content\/uploads\/2025\/09\/historique-tunnel-02-1170x862.webp 1170w, https:\/\/umg.ch\/wp-content\/uploads\/2025\/09\/historique-tunnel-02-600x442.webp 600w, https:\/\/umg.ch\/wp-content\/uploads\/2025\/09\/historique-tunnel-02-768x566.webp 768w, https:\/\/umg.ch\/wp-content\/uploads\/2025\/09\/historique-tunnel-02-1536x1132.webp 1536w, https:\/\/umg.ch\/wp-content\/uploads\/2025\/09\/historique-tunnel-02.webp 1600w\" sizes=\"auto, (max-width: 1170px) 100vw, 1170px\" \/><\/p>\n<\/div>\n                                                    <\/div>\n\n                                                     \n                                            <\/div>\n\n                                        \n                                            <div class=\"timeline-block timeline-block-right\">\n\n\n                                                    \n\n                                                      <div class=\"marker  \"><\/div>\n\n\n                                                     \n\n\n\n\t                                                     <div class=\"timeline-content\">\n                                                        <div class=\"element-date\">1985<\/div>\n                                                         <div class=\"element-title\">\n\t                                                         Das Aufkommen des Hors-Sol-Anbaus\t\t\t\t\t\t\t\t\t\t\t\t\t\t\t <div class=\"more-link\">\n\t\t\t\t\t\t\t\t\t\t\t\t\t\t\t\t<a href=\"#\">\n\t\t\t\t\t\t\t\t\t\t\t\t\t\t\t\t\tMehr erfahren\t\t\t\t\t\t\t\t\t\t\t\t\t    \t\t<\/a>\n\t\t\t\t\t\t\t\t\t\t\t\t\t\t\t<\/div><!-- more-link -->\n                                                         <\/div>\n                                                         <div class=\"element-content\"><p class=\"p1\"><strong>Beginn des Substratanbaus<\/strong><\/p>\n<p class=\"p2\">In den 1980er-Jahren verbreitet sich der Hors-Sol-Anbau in der Schweiz vom Westen her.<br \/>\nDie Kulturen wachsen in Substrats\u00e4cken, die auf den Boden gestellt werden. Dank dieser Technik, f\u00fcr welche ein Computer notwendig ist, kann die von der Kundschaft geforderte Qualit\u00e4t und Einheitlichkeit erzielt werden. <\/p>\n<p class=\"p2\"><img loading=\"lazy\" decoding=\"async\" class=\"aligncenter size-large wp-image-5871\" src=\"https:\/\/umg.ch\/wp-content\/uploads\/2025\/09\/hors-sol-01-1170x796.webp\" alt=\"\" width=\"1170\" height=\"796\" srcset=\"https:\/\/umg.ch\/wp-content\/uploads\/2025\/09\/hors-sol-01-1170x796.webp 1170w, https:\/\/umg.ch\/wp-content\/uploads\/2025\/09\/hors-sol-01-600x408.webp 600w, https:\/\/umg.ch\/wp-content\/uploads\/2025\/09\/hors-sol-01-768x522.webp 768w, https:\/\/umg.ch\/wp-content\/uploads\/2025\/09\/hors-sol-01-1536x1044.webp 1536w, https:\/\/umg.ch\/wp-content\/uploads\/2025\/09\/hors-sol-01.webp 1600w\" sizes=\"auto, (max-width: 1170px) 100vw, 1170px\" \/><\/p>\n<p><img loading=\"lazy\" decoding=\"async\" class=\"aligncenter size-large wp-image-5869\" src=\"https:\/\/umg.ch\/wp-content\/uploads\/2025\/09\/hors-sol-02-1170x767.webp\" alt=\"\" width=\"1170\" height=\"767\" srcset=\"https:\/\/umg.ch\/wp-content\/uploads\/2025\/09\/hors-sol-02-1170x767.webp 1170w, https:\/\/umg.ch\/wp-content\/uploads\/2025\/09\/hors-sol-02-600x393.webp 600w, https:\/\/umg.ch\/wp-content\/uploads\/2025\/09\/hors-sol-02-768x503.webp 768w, https:\/\/umg.ch\/wp-content\/uploads\/2025\/09\/hors-sol-02-1536x1007.webp 1536w, https:\/\/umg.ch\/wp-content\/uploads\/2025\/09\/hors-sol-02-120x80.webp 120w, https:\/\/umg.ch\/wp-content\/uploads\/2025\/09\/hors-sol-02.webp 1660w\" sizes=\"auto, (max-width: 1170px) 100vw, 1170px\" \/><\/p>\n<\/div>\n                                                    <\/div>\n\n                                                     \n                                            <\/div>\n\n                                        \n                                            <div class=\"timeline-block timeline-block-right\">\n\n\n                                                    \n\n                                                      <div class=\"marker  \"><\/div>\n\n\n                                                     \n\n\n\n\t                                                     <div class=\"timeline-content\">\n                                                        <div class=\"element-date\">1985<\/div>\n                                                         <div class=\"element-title\">\n\t                                                         Die gedeckten Kulturen werden zerst\u00f6rt\t\t\t\t\t\t\t\t\t\t\t\t\t\t\t <div class=\"more-link\">\n\t\t\t\t\t\t\t\t\t\t\t\t\t\t\t\t<a href=\"#\">\n\t\t\t\t\t\t\t\t\t\t\t\t\t\t\t\t\tMehr erfahren\t\t\t\t\t\t\t\t\t\t\t\t\t    \t\t<\/a>\n\t\t\t\t\t\t\t\t\t\t\t\t\t\t\t<\/div><!-- more-link -->\n                                                         <\/div>\n                                                         <div class=\"element-content\"><p class=\"p1\">Starker Schneefall im Februar 1985 legt den Kanton lahm. Das Unwetter verursacht grosse Sch\u00e4den im Gem\u00fcsebau. 88% der Betriebe &#8211; 43 von 49 \u2013 sind betroffen, und \u00fcber 67% der Anbaufl\u00e4che wird zerst\u00f6rt.  <\/p>\n<p><img loading=\"lazy\" decoding=\"async\" class=\"aligncenter size-large wp-image-5844\" src=\"https:\/\/umg.ch\/wp-content\/uploads\/2025\/09\/historique-1985-1170x790.webp\" alt=\"\" width=\"1170\" height=\"790\" srcset=\"https:\/\/umg.ch\/wp-content\/uploads\/2025\/09\/historique-1985-1170x790.webp 1170w, https:\/\/umg.ch\/wp-content\/uploads\/2025\/09\/historique-1985-600x405.webp 600w, https:\/\/umg.ch\/wp-content\/uploads\/2025\/09\/historique-1985-768x518.webp 768w, https:\/\/umg.ch\/wp-content\/uploads\/2025\/09\/historique-1985-1536x1037.webp 1536w, https:\/\/umg.ch\/wp-content\/uploads\/2025\/09\/historique-1985-120x80.webp 120w, https:\/\/umg.ch\/wp-content\/uploads\/2025\/09\/historique-1985.webp 1800w\" sizes=\"auto, (max-width: 1170px) 100vw, 1170px\" \/><\/p>\n<\/div>\n                                                    <\/div>\n\n                                                     \n                                            <\/div>\n\n                                        \n                                            <div class=\"timeline-block timeline-block-right\">\n\n\n                                                    \n\n                                                      <div class=\"marker  \"><\/div>\n\n\n                                                     \n\n\n\n\t                                                     <div class=\"timeline-content\">\n                                                        <div class=\"element-date\">1986 <\/div>\n                                                         <div class=\"element-title\">\n\t                                                         Die UMG entwickelt ihre Originalmarke in den Genfer Farben: UMG l\u00e9gumes fins de Gen\u00e8ve (UMG l\u00e9gumes fins de Gen\u00e8ve). \t\t\t\t\t\t\t\t\t\t\t\t\t\t\t <div class=\"more-link\">\n\t\t\t\t\t\t\t\t\t\t\t\t\t\t\t\t<a href=\"#\">\n\t\t\t\t\t\t\t\t\t\t\t\t\t\t\t\t\tMehr erfahren\t\t\t\t\t\t\t\t\t\t\t\t\t    \t\t<\/a>\n\t\t\t\t\t\t\t\t\t\t\t\t\t\t\t<\/div><!-- more-link -->\n                                                         <\/div>\n                                                         <div class=\"element-content\"><p>Ab diesem Jahr wird neben dem Genossenschaftslabel auch das Label des Amtes f\u00fcr die Werbung der Genfer Landwirtschaftsprodukte OPAGE (Office de propagande des produits agricoles genevois) aufgedruckt, das den Genfer Jet d\u2019eau und den Text produits \u00e0 Gen\u00e8ve (<em>produits \u00e0 Gen\u00e8ve<\/em>) umfasst.<\/p>\n<p><img loading=\"lazy\" decoding=\"async\" class=\"aligncenter size-large wp-image-5865\" src=\"https:\/\/umg.ch\/wp-content\/uploads\/2025\/09\/1986-1170x760.webp\" alt=\"\" width=\"1170\" height=\"760\" srcset=\"https:\/\/umg.ch\/wp-content\/uploads\/2025\/09\/1986-1170x760.webp 1170w, https:\/\/umg.ch\/wp-content\/uploads\/2025\/09\/1986-600x390.webp 600w, https:\/\/umg.ch\/wp-content\/uploads\/2025\/09\/1986-768x499.webp 768w, https:\/\/umg.ch\/wp-content\/uploads\/2025\/09\/1986-1536x998.webp 1536w, https:\/\/umg.ch\/wp-content\/uploads\/2025\/09\/1986.webp 1929w\" sizes=\"auto, (max-width: 1170px) 100vw, 1170px\" \/><\/p>\n<\/div>\n                                                    <\/div>\n\n                                                     \n                                            <\/div>\n\n                                        \n                                            <div class=\"timeline-block timeline-block-right\">\n\n\n                                                    \n\n                                                      <div class=\"marker  \"><\/div>\n\n\n                                                     \n\n\n\n\t                                                     <div class=\"timeline-content\">\n                                                        <div class=\"element-date\">1988<\/div>\n                                                         <div class=\"element-title\">\n\t                                                         Die Genossenschaft f\u00fchrt die elektronische Datenverarbeitung ein.\t\t\t\t\t\t\t\t\t\t\t\t\t\t\t <div class=\"more-link\">\n\t\t\t\t\t\t\t\t\t\t\t\t\t\t\t\t<a href=\"#\">\n\t\t\t\t\t\t\t\t\t\t\t\t\t\t\t\t\tMehr erfahren\t\t\t\t\t\t\t\t\t\t\t\t\t    \t\t<\/a>\n\t\t\t\t\t\t\t\t\t\t\t\t\t\t\t<\/div><!-- more-link -->\n                                                         <\/div>\n                                                         <div class=\"element-content\"><p>Durch die Schaffung eines Intranets k\u00f6nnen sich die Produzentinnen und Produzenten untereinander und mit der UMG besser vernetzen.<\/p>\n<\/div>\n                                                    <\/div>\n\n                                                     \n                                            <\/div>\n\n                                        \n                                            <div class=\"timeline-block timeline-block-right\">\n\n\n                                                    \n\n                                                      <div class=\"marker  \"><\/div>\n\n\n                                                     \n\n\n\n\t                                                     <div class=\"timeline-content\">\n                                                        <div class=\"element-date\">1994<\/div>\n                                                         <div class=\"element-title\">\n\t                                                         Die Genossenschaft vergr\u00f6ssert ihr Geb\u00e4ude\t\t\t\t\t\t\t\t\t\t\t\t\t\t\t <div class=\"more-link\">\n\t\t\t\t\t\t\t\t\t\t\t\t\t\t\t\t<a href=\"#\">\n\t\t\t\t\t\t\t\t\t\t\t\t\t\t\t\t\tMehr erfahren\t\t\t\t\t\t\t\t\t\t\t\t\t    \t\t<\/a>\n\t\t\t\t\t\t\t\t\t\t\t\t\t\t\t<\/div><!-- more-link -->\n                                                         <\/div>\n                                                         <div class=\"element-content\"><p class=\"p1\"><strong>Die Fl\u00e4che des Geb\u00e4udes der Genossenschaft wird verdoppelt.<\/strong><\/p>\n<p class=\"p2\">Die neuen Fl\u00e4chen sind notwendig f\u00fcr die Annahme, Kontrolle und Sortierung des Gem\u00fcses. Die Genossenschaft verf\u00fcg nun \u00fcber Entladungsrampen, die an die Gr\u00f6sse der Lieferfahrzeuge angepasst sind. Klimatisierung und Schliessung des Geb\u00e4udes erfolgen in den folgenden Jahren.  <\/p>\n<p><img loading=\"lazy\" decoding=\"async\" class=\"aligncenter size-large wp-image-5839\" src=\"https:\/\/umg.ch\/wp-content\/uploads\/2025\/09\/historique-1994-1170x426.webp\" alt=\"\" width=\"1170\" height=\"426\" srcset=\"https:\/\/umg.ch\/wp-content\/uploads\/2025\/09\/historique-1994-1170x426.webp 1170w, https:\/\/umg.ch\/wp-content\/uploads\/2025\/09\/historique-1994-600x219.webp 600w, https:\/\/umg.ch\/wp-content\/uploads\/2025\/09\/historique-1994-768x280.webp 768w, https:\/\/umg.ch\/wp-content\/uploads\/2025\/09\/historique-1994-1536x560.webp 1536w, https:\/\/umg.ch\/wp-content\/uploads\/2025\/09\/historique-1994.webp 1800w\" sizes=\"auto, (max-width: 1170px) 100vw, 1170px\" \/><\/p>\n<p class=\"p1\">Trotz der Weiterentwicklung in La Praille sucht die Genossenschaft seit \u00fcber 10 Jahren ein Grundst\u00fcck, um sich in der Landwirtschaftszone in Perly niederzulassen (wo sich heute das Geb\u00e4ude der UMG befindet).<\/p>\n<\/div>\n                                                    <\/div>\n\n                                                     \n                                            <\/div>\n\n                                        \n                                            <div class=\"timeline-block timeline-block-right\">\n\n\n                                                    \n\n                                                      <div class=\"marker  \"><\/div>\n\n\n                                                     \n\n\n\n\t                                                     <div class=\"timeline-content\">\n                                                        <div class=\"element-date\">2000<\/div>\n                                                         <div class=\"element-title\">\n\t                                                         Schaffung der eigenen Produzentenmarke C\u00f4t\u00e9 Jardin\t\t\t\t\t\t\t\t\t\t\t\t\t\t\t <div class=\"more-link\">\n\t\t\t\t\t\t\t\t\t\t\t\t\t\t\t\t<a href=\"#\">\n\t\t\t\t\t\t\t\t\t\t\t\t\t\t\t\t\tMehr erfahren\t\t\t\t\t\t\t\t\t\t\t\t\t    \t\t<\/a>\n\t\t\t\t\t\t\t\t\t\t\t\t\t\t\t<\/div><!-- more-link -->\n                                                         <\/div>\n                                                         <div class=\"element-content\"><p>Dieses Label bekr\u00e4ftigt und garantiert die Qualit\u00e4t, die Regionalit\u00e4t und die Saisonalit\u00e4t unserer Produkte.<\/p>\n<\/div>\n                                                    <\/div>\n\n                                                     \n                                            <\/div>\n\n                                        \n                                            <div class=\"timeline-block timeline-block-right\">\n\n\n                                                    \n\n                                                      <div class=\"marker  \"><\/div>\n\n\n                                                     \n\n\n\n\t                                                     <div class=\"timeline-content\">\n                                                        <div class=\"element-date\">2004<\/div>\n                                                         <div class=\"element-title\">\n\t                                                         Beitritt zum Label Gen\u00e8ve R\u00e9gion \u2013 Terre Avenir (GRTA).\t\t\t\t\t\t\t\t\t\t\t\t\t\t\t <div class=\"more-link\">\n\t\t\t\t\t\t\t\t\t\t\t\t\t\t\t\t<a href=\"#\">\n\t\t\t\t\t\t\t\t\t\t\t\t\t\t\t\t\tMehr erfahren\t\t\t\t\t\t\t\t\t\t\t\t\t    \t\t<\/a>\n\t\t\t\t\t\t\t\t\t\t\t\t\t\t\t<\/div><!-- more-link -->\n                                                         <\/div>\n                                                         <div class=\"element-content\"><p>Dieses Label wird f\u00fcr Produkte aus Genfer Landwirtschaftsproduktion verliehen, bei denen alle Verarbeitungsschritte in der Region Genf erfolgen. Zudem m\u00fcssen strenge soziale und \u00f6kologische Vorgaben eingehalten werden, ohne jedoch die langfristige Wirtschaftlichkeit zu gef\u00e4hrden.<\/p>\n<\/div>\n                                                    <\/div>\n\n                                                     \n                                            <\/div>\n\n                                        \n                                            <div class=\"timeline-block timeline-block-right\">\n\n\n                                                    \n\n                                                      <div class=\"marker  \"><\/div>\n\n\n                                                     \n\n\n\n\t                                                     <div class=\"timeline-content\">\n                                                        <div class=\"element-date\">2008<\/div>\n                                                         <div class=\"element-title\">\n\t                                                         Er\u00f6ffnung des ersten Ladens f\u00fcr Fr\u00fcchte und Gem\u00fcse zweiter Klasse zu reduzierten Preisen in Carouge\t\t\t\t\t\t\t\t\t\t\t\t\t\t\t <div class=\"more-link\">\n\t\t\t\t\t\t\t\t\t\t\t\t\t\t\t\t<a href=\"#\">\n\t\t\t\t\t\t\t\t\t\t\t\t\t\t\t\t\tMehr erfahren\t\t\t\t\t\t\t\t\t\t\t\t\t    \t\t<\/a>\n\t\t\t\t\t\t\t\t\t\t\t\t\t\t\t<\/div><!-- more-link -->\n                                                         <\/div>\n                                                         <div class=\"element-content\"><p>Mit diesem Laden soll der Bev\u00f6lkerung Gem\u00fcse zu vorteilhaften Preisen angeboten und gleichzeitig der Lebensmittelverschwendung entgegengewirkt werden. Zudem erschliesst sich daraus eine zus\u00e4tzliche Einkommensquelle f\u00fcr die Produzentinnen und Produzenten, denn so k\u00f6nnen sie Produkte verkaufen, die sie fr\u00fcher wegwerfen mussten. Der Laden arbeitet gleich von Anfang an mit gemeinn\u00fctzigen Organisationen zusammen, um die Solidarit\u00e4t in der Region Genf zu unterst\u00fctzen.  <\/p>\n<p><img loading=\"lazy\" decoding=\"async\" class=\"aligncenter size-large wp-image-5862\" src=\"https:\/\/umg.ch\/wp-content\/uploads\/2025\/09\/historique-2008-marche-1170x723.webp\" alt=\"\" width=\"1170\" height=\"723\" srcset=\"https:\/\/umg.ch\/wp-content\/uploads\/2025\/09\/historique-2008-marche-1170x723.webp 1170w, https:\/\/umg.ch\/wp-content\/uploads\/2025\/09\/historique-2008-marche-600x371.webp 600w, https:\/\/umg.ch\/wp-content\/uploads\/2025\/09\/historique-2008-marche-768x475.webp 768w, https:\/\/umg.ch\/wp-content\/uploads\/2025\/09\/historique-2008-marche-1536x950.webp 1536w, https:\/\/umg.ch\/wp-content\/uploads\/2025\/09\/historique-2008-marche.webp 1582w\" sizes=\"auto, (max-width: 1170px) 100vw, 1170px\" \/><\/p>\n<\/div>\n                                                    <\/div>\n\n                                                     \n                                            <\/div>\n\n                                        \n                                            <div class=\"timeline-block timeline-block-right\">\n\n\n                                                    \n\n                                                      <div class=\"marker  \"><\/div>\n\n\n                                                     \n\n\n\n\t                                                     <div class=\"timeline-content\">\n                                                        <div class=\"element-date\">2014<\/div>\n                                                         <div class=\"element-title\">\n\t                                                         Erweiterung der UMG mit dem Bau des neuen Lager- und Vertriebsgeb\u00e4udes in Perly\t\t\t\t\t\t\t\t\t\t\t\t\t\t\t <div class=\"more-link\">\n\t\t\t\t\t\t\t\t\t\t\t\t\t\t\t\t<a href=\"#\">\n\t\t\t\t\t\t\t\t\t\t\t\t\t\t\t\t\tMehr erfahren\t\t\t\t\t\t\t\t\t\t\t\t\t    \t\t<\/a>\n\t\t\t\t\t\t\t\t\t\t\t\t\t\t\t<\/div><!-- more-link -->\n                                                         <\/div>\n                                                         <div class=\"element-content\"><p>Nach 30 Jahren ihres Bestehens zieht die UMG in die Landwirtschaftszone von Plan-les-Ouates \/ Perly um.<br \/>\nEs hat lange gedauert: Die Agrarpolitik, der Verlauf der Autobahn, die Beschl\u00fcsse des Genfer Grossen Rats und die Weiterentwicklung des Raumplanungsgesetzes \u2013 vieles musste geregelt werden.<br \/>\nDer neue Sitz befindet sich n\u00e4her an den Mitgliedsbetrieben und widerspiegelt das Engagement der UMG zugunsten der nachhaltigen Entwicklung.<\/p>\n<p><img loading=\"lazy\" decoding=\"async\" class=\"aligncenter size-large wp-image-1600\" src=\"https:\/\/umg.ch\/wp-content\/uploads\/2020\/03\/DSC09722_UMG_batiments-1170x780.jpg\" alt=\"\" width=\"1170\" height=\"780\" srcset=\"https:\/\/umg.ch\/wp-content\/uploads\/2020\/03\/DSC09722_UMG_batiments-1170x780.jpg 1170w, https:\/\/umg.ch\/wp-content\/uploads\/2020\/03\/DSC09722_UMG_batiments-585x390.jpg 585w, https:\/\/umg.ch\/wp-content\/uploads\/2020\/03\/DSC09722_UMG_batiments-600x400.jpg 600w, https:\/\/umg.ch\/wp-content\/uploads\/2020\/03\/DSC09722_UMG_batiments-768x512.jpg 768w, https:\/\/umg.ch\/wp-content\/uploads\/2020\/03\/DSC09722_UMG_batiments-1536x1025.jpg 1536w, https:\/\/umg.ch\/wp-content\/uploads\/2020\/03\/DSC09722_UMG_batiments-120x80.jpg 120w, https:\/\/umg.ch\/wp-content\/uploads\/2020\/03\/DSC09722_UMG_batiments.jpg 2000w\" sizes=\"auto, (max-width: 1170px) 100vw, 1170px\" \/><\/p>\n<\/div>\n                                                    <\/div>\n\n                                                     \n                                            <\/div>\n\n                                        \n                                            <div class=\"timeline-block timeline-block-right\">\n\n\n                                                    \n\n                                                      <div class=\"marker  \"><\/div>\n\n\n                                                     \n                                                    <div class=\"timeline-content\">\n                                                        <div class=\"element-date\">2015<\/div>\n                                                         <div class=\"element-title\">Der neue Hauptsitz der UMG wird f\u00fcr seinen direkten Beitrag zur Lebensqualit\u00e4t des Kantons mit dem Wirtschaftspreis der Genfer Handels-, Industrie- und Dienstleistungskammer (Chambre de commerce, d\u2019industrie et des services de Gen\u00e8ve, CCIG) ausgezeichnet.<\/div>\n                                                    <\/div>\n\n\t\t\t\t                                    \n                                            <\/div>\n\n                                        \n                                            <div class=\"timeline-block timeline-block-right\">\n\n\n                                                    \n\n                                                      <div class=\"marker  \"><\/div>\n\n\n                                                     \n\n\n\n\t                                                     <div class=\"timeline-content\">\n                                                        <div class=\"element-date\">01.2018<\/div>\n                                                         <div class=\"element-title\">\n\t                                                         Xavier Patry \u00fcbernimmt die Leitung der UMG. \t\t\t\t\t\t\t\t\t\t\t\t\t\t\t <div class=\"more-link\">\n\t\t\t\t\t\t\t\t\t\t\t\t\t\t\t\t<a href=\"#\">\n\t\t\t\t\t\t\t\t\t\t\t\t\t\t\t\t\tMehr erfahren\t\t\t\t\t\t\t\t\t\t\t\t\t    \t\t<\/a>\n\t\t\t\t\t\t\t\t\t\t\t\t\t\t\t<\/div><!-- more-link -->\n                                                         <\/div>\n                                                         <div class=\"element-content\"><p>Er folgt auf Jacques Blondin, der 32 Jahre lang in einer f\u00fchrenden Position in der UMG t\u00e4tig war, 28 davon als ihr Direktor.<\/p>\n<\/div>\n                                                    <\/div>\n\n                                                     \n                                            <\/div>\n\n                                        \n                                            <div class=\"timeline-block timeline-block-right\">\n\n\n                                                    \n\n                                                      <div class=\"marker  \"><\/div>\n\n\n                                                     \n\n\n\n\t                                                     <div class=\"timeline-content\">\n                                                        <div class=\"element-date\">05.2018<\/div>\n                                                         <div class=\"element-title\">\n\t                                                         Lancierung des Foodtrucks \t\t\t\t\t\t\t\t\t\t\t\t\t\t\t <div class=\"more-link\">\n\t\t\t\t\t\t\t\t\t\t\t\t\t\t\t\t<a href=\"#\">\n\t\t\t\t\t\t\t\t\t\t\t\t\t\t\t\t\tMehr erfahren\t\t\t\t\t\t\t\t\t\t\t\t\t    \t\t<\/a>\n\t\t\t\t\t\t\t\t\t\t\t\t\t\t\t<\/div><!-- more-link -->\n                                                         <\/div>\n                                                         <div class=\"element-content\"><p><img loading=\"lazy\" decoding=\"async\" class=\"aligncenter size-medium wp-image-1809\" src=\"https:\/\/umg.ch\/wp-content\/uploads\/2020\/08\/Foodtruck_ouvert-585x343.png\" alt=\"\" width=\"585\" height=\"343\" srcset=\"https:\/\/umg.ch\/wp-content\/uploads\/2020\/08\/Foodtruck_ouvert-585x343.png 585w, https:\/\/umg.ch\/wp-content\/uploads\/2020\/08\/Foodtruck_ouvert-1170x687.png 1170w, https:\/\/umg.ch\/wp-content\/uploads\/2020\/08\/Foodtruck_ouvert-768x451.png 768w, https:\/\/umg.ch\/wp-content\/uploads\/2020\/08\/Foodtruck_ouvert.png 1400w\" sizes=\"auto, (max-width: 585px) 100vw, 585px\" \/><\/p>\n<p>Die UMG beschliesst, ihr Engagement noch weiter zu vertiefen und setzt auf zahlreiche nachhaltige, solidarische und innovative Projekte und Initiativen in allen ihren T\u00e4tigkeitsbereichen: Schaffung eines Sortiments an verarbeiteten Erzeugnissen, hergestellt aus unverkauften Restwaren der lokalen Landwirtschaft, Verzicht auf Kunststoff und Einsatz \u00f6kologischer Verpackungsmaterialien, Analyse des Lebenszyklus der UMG durch die Firma Sofies, um eine Standortbestimmung zu erm\u00f6glichen und die wichtigsten Verbesserungspunkte zu ermitteln.<\/p>\n<\/div>\n                                                    <\/div>\n\n                                                     \n                                            <\/div>\n\n                                        \n                                            <div class=\"timeline-block timeline-block-right\">\n\n\n                                                    \n\n                                                      <div class=\"marker  \"><\/div>\n\n\n                                                     \n\n\n\n\t                                                     <div class=\"timeline-content\">\n                                                        <div class=\"element-date\">2020<\/div>\n                                                         <div class=\"element-title\">\n\t                                                         Beitritt der UMG zur Vereinigung Demain la Terre\t\t\t\t\t\t\t\t\t\t\t\t\t\t\t <div class=\"more-link\">\n\t\t\t\t\t\t\t\t\t\t\t\t\t\t\t\t<a href=\"#\">\n\t\t\t\t\t\t\t\t\t\t\t\t\t\t\t\t\tMehr erfahren\t\t\t\t\t\t\t\t\t\t\t\t\t    \t\t<\/a>\n\t\t\t\t\t\t\t\t\t\t\t\t\t\t\t<\/div><!-- more-link -->\n                                                         <\/div>\n                                                         <div class=\"element-content\"><p>Ziel dieses Beitritts ist es, die gesamte Genossenschaft zu einem kontinuierlichen Ansatz zugunsten der nachhaltigen Entwicklung zu verpflichten.<\/p>\n<\/div>\n                                                    <\/div>\n\n                                                     \n                                            <\/div>\n\n                                        \n                                            <div class=\"timeline-block timeline-block-right\">\n\n\n                                                    \n\n                                                      <div class=\"marker  \"><\/div>\n\n\n                                                     \n                                                    <div class=\"timeline-content\">\n                                                        <div class=\"element-date\">2024<\/div>\n                                                         <div class=\"element-title\">75. Geburtstag der Genossenschaft<\/div>\n                                                    <\/div>\n\n\t\t\t\t                                    \n                                            <\/div>\n\n                                        \n                                    <\/div><!-- .timeline-box-->\n\n                                <\/div><!--col-12 -->\n\n                        <\/div><!-- .row-->\n                <\/div><!-- .container -->\n\n        <\/div><!-- strat -->\n\n\n","protected":false},"excerpt":{"rendered":"","protected":false},"author":1,"featured_media":0,"parent":2776,"menu_order":0,"comment_status":"closed","ping_status":"closed","template":"","meta":{"_acf_changed":false,"inline_featured_image":false,"footnotes":""},"class_list":["post-2825","page","type-page","status-publish","hentry"],"acf":[],"yoast_head":"<!-- This site is optimized with the Yoast SEO plugin v27.4 - https:\/\/yoast.com\/product\/yoast-seo-wordpress\/ -->\n<title>Geschichte - Union Mara\u00eech\u00e8re de Gen\u00e8ve<\/title>\n<meta name=\"robots\" content=\"index, follow, max-snippet:-1, max-image-preview:large, max-video-preview:-1\" \/>\n<link rel=\"canonical\" href=\"https:\/\/umg.ch\/de\/la-cooperative\/geschichte\/\" \/>\n<meta property=\"og:locale\" content=\"de_DE\" \/>\n<meta property=\"og:type\" content=\"article\" \/>\n<meta property=\"og:title\" content=\"Geschichte - Union Mara\u00eech\u00e8re de Gen\u00e8ve\" \/>\n<meta property=\"og:url\" content=\"https:\/\/umg.ch\/de\/la-cooperative\/geschichte\/\" \/>\n<meta property=\"og:site_name\" content=\"Union Mara\u00eech\u00e8re de Gen\u00e8ve\" \/>\n<meta property=\"article:modified_time\" content=\"2026-03-30T14:47:35+00:00\" \/>\n<meta name=\"twitter:card\" content=\"summary_large_image\" \/>\n<script type=\"application\/ld+json\" class=\"yoast-schema-graph\">{\"@context\":\"https:\\\/\\\/schema.org\",\"@graph\":[{\"@type\":\"WebPage\",\"@id\":\"https:\\\/\\\/umg.ch\\\/de\\\/la-cooperative\\\/geschichte\\\/\",\"url\":\"https:\\\/\\\/umg.ch\\\/de\\\/la-cooperative\\\/geschichte\\\/\",\"name\":\"Geschichte - Union Mara\u00eech\u00e8re de Gen\u00e8ve\",\"isPartOf\":{\"@id\":\"https:\\\/\\\/umg.ch\\\/de\\\/#website\"},\"datePublished\":\"2020-12-10T09:05:48+00:00\",\"dateModified\":\"2026-03-30T14:47:35+00:00\",\"breadcrumb\":{\"@id\":\"https:\\\/\\\/umg.ch\\\/de\\\/la-cooperative\\\/geschichte\\\/#breadcrumb\"},\"inLanguage\":\"de\",\"potentialAction\":[{\"@type\":\"ReadAction\",\"target\":[\"https:\\\/\\\/umg.ch\\\/de\\\/la-cooperative\\\/geschichte\\\/\"]}]},{\"@type\":\"BreadcrumbList\",\"@id\":\"https:\\\/\\\/umg.ch\\\/de\\\/la-cooperative\\\/geschichte\\\/#breadcrumb\",\"itemListElement\":[{\"@type\":\"ListItem\",\"position\":1,\"name\":\"Startseite\",\"item\":\"https:\\\/\\\/umg.ch\\\/de\\\/\"},{\"@type\":\"ListItem\",\"position\":2,\"name\":\"Die Genossenschaft\",\"item\":\"https:\\\/\\\/umg.ch\\\/de\\\/la-cooperative\\\/\"},{\"@type\":\"ListItem\",\"position\":3,\"name\":\"Geschichte\"}]},{\"@type\":\"WebSite\",\"@id\":\"https:\\\/\\\/umg.ch\\\/de\\\/#website\",\"url\":\"https:\\\/\\\/umg.ch\\\/de\\\/\",\"name\":\"Union Mara\u00eech\u00e8re de Gen\u00e8ve\",\"description\":\"Un terroir et des hommes\",\"potentialAction\":[{\"@type\":\"SearchAction\",\"target\":{\"@type\":\"EntryPoint\",\"urlTemplate\":\"https:\\\/\\\/umg.ch\\\/de\\\/?s={search_term_string}\"},\"query-input\":{\"@type\":\"PropertyValueSpecification\",\"valueRequired\":true,\"valueName\":\"search_term_string\"}}],\"inLanguage\":\"de\"}]}<\/script>\n<!-- \/ Yoast SEO plugin. -->","yoast_head_json":{"title":"Geschichte - Union Mara\u00eech\u00e8re de Gen\u00e8ve","robots":{"index":"index","follow":"follow","max-snippet":"max-snippet:-1","max-image-preview":"max-image-preview:large","max-video-preview":"max-video-preview:-1"},"canonical":"https:\/\/umg.ch\/de\/la-cooperative\/geschichte\/","og_locale":"de_DE","og_type":"article","og_title":"Geschichte - Union Mara\u00eech\u00e8re de Gen\u00e8ve","og_url":"https:\/\/umg.ch\/de\/la-cooperative\/geschichte\/","og_site_name":"Union Mara\u00eech\u00e8re de Gen\u00e8ve","article_modified_time":"2026-03-30T14:47:35+00:00","twitter_card":"summary_large_image","schema":{"@context":"https:\/\/schema.org","@graph":[{"@type":"WebPage","@id":"https:\/\/umg.ch\/de\/la-cooperative\/geschichte\/","url":"https:\/\/umg.ch\/de\/la-cooperative\/geschichte\/","name":"Geschichte - Union Mara\u00eech\u00e8re de Gen\u00e8ve","isPartOf":{"@id":"https:\/\/umg.ch\/de\/#website"},"datePublished":"2020-12-10T09:05:48+00:00","dateModified":"2026-03-30T14:47:35+00:00","breadcrumb":{"@id":"https:\/\/umg.ch\/de\/la-cooperative\/geschichte\/#breadcrumb"},"inLanguage":"de","potentialAction":[{"@type":"ReadAction","target":["https:\/\/umg.ch\/de\/la-cooperative\/geschichte\/"]}]},{"@type":"BreadcrumbList","@id":"https:\/\/umg.ch\/de\/la-cooperative\/geschichte\/#breadcrumb","itemListElement":[{"@type":"ListItem","position":1,"name":"Startseite","item":"https:\/\/umg.ch\/de\/"},{"@type":"ListItem","position":2,"name":"Die Genossenschaft","item":"https:\/\/umg.ch\/de\/la-cooperative\/"},{"@type":"ListItem","position":3,"name":"Geschichte"}]},{"@type":"WebSite","@id":"https:\/\/umg.ch\/de\/#website","url":"https:\/\/umg.ch\/de\/","name":"Union Mara\u00eech\u00e8re de Gen\u00e8ve","description":"Un terroir et des hommes","potentialAction":[{"@type":"SearchAction","target":{"@type":"EntryPoint","urlTemplate":"https:\/\/umg.ch\/de\/?s={search_term_string}"},"query-input":{"@type":"PropertyValueSpecification","valueRequired":true,"valueName":"search_term_string"}}],"inLanguage":"de"}]}},"_links":{"self":[{"href":"https:\/\/umg.ch\/de\/wp-json\/wp\/v2\/pages\/2825","targetHints":{"allow":["GET"]}}],"collection":[{"href":"https:\/\/umg.ch\/de\/wp-json\/wp\/v2\/pages"}],"about":[{"href":"https:\/\/umg.ch\/de\/wp-json\/wp\/v2\/types\/page"}],"author":[{"embeddable":true,"href":"https:\/\/umg.ch\/de\/wp-json\/wp\/v2\/users\/1"}],"replies":[{"embeddable":true,"href":"https:\/\/umg.ch\/de\/wp-json\/wp\/v2\/comments?post=2825"}],"version-history":[{"count":27,"href":"https:\/\/umg.ch\/de\/wp-json\/wp\/v2\/pages\/2825\/revisions"}],"predecessor-version":[{"id":6138,"href":"https:\/\/umg.ch\/de\/wp-json\/wp\/v2\/pages\/2825\/revisions\/6138"}],"up":[{"embeddable":true,"href":"https:\/\/umg.ch\/de\/wp-json\/wp\/v2\/pages\/2776"}],"wp:attachment":[{"href":"https:\/\/umg.ch\/de\/wp-json\/wp\/v2\/media?parent=2825"}],"curies":[{"name":"wp","href":"https:\/\/api.w.org\/{rel}","templated":true}]}}